{"id":373,"date":"2022-12-22T12:03:14","date_gmt":"2022-12-22T11:03:14","guid":{"rendered":"https:\/\/emodou.be\/?page_id=373"},"modified":"2024-01-07T18:47:38","modified_gmt":"2024-01-07T17:47:38","slug":"nos-actualites","status":"publish","type":"page","link":"https:\/\/emodou.be\/fr\/nos-actualites\/","title":{"rendered":"Nos actualit\u00e9s"},"content":{"rendered":"\t\t<div data-elementor-type=\"wp-page\" data-elementor-id=\"373\" class=\"elementor elementor-373\" data-elementor-post-type=\"page\">\n\t\t\t\t\t\t<section data-particle_enable=\"false\" data-particle-mobile-disabled=\"false\" class=\"elementor-section elementor-top-section elementor-element elementor-element-4007a064 elementor-section-boxed elementor-section-height-default elementor-section-height-default\" data-id=\"4007a064\" data-element_type=\"section\" data-settings=\"{&quot;background_background&quot;:&quot;classic&quot;,&quot;background_motion_fx_motion_fx_mouse&quot;:&quot;yes&quot;,&quot;background_motion_fx_mouseTrack_effect&quot;:&quot;yes&quot;,&quot;background_motion_fx_mouseTrack_speed&quot;:{&quot;unit&quot;:&quot;px&quot;,&quot;size&quot;:1,&quot;sizes&quot;:[]}}\">\n\t\t\t\t\t\t<div class=\"elementor-container elementor-column-gap-default\">\n\t\t\t\t\t<div class=\"elementor-column elementor-col-100 elementor-top-column elementor-element elementor-element-3d30fe98\" data-id=\"3d30fe98\" data-element_type=\"column\">\n\t\t\t<div class=\"elementor-widget-wrap elementor-element-populated\">\n\t\t\t\t\t\t<div class=\"elementor-element elementor-element-43c82926 elementor-widget elementor-widget-heading\" data-id=\"43c82926\" data-element_type=\"widget\" data-widget_type=\"heading.default\">\n\t\t\t\t<div class=\"elementor-widget-container\">\n\t\t\t<style>\/*! elementor - v3.20.0 - 19-02-2024 *\/\n.elementor-heading-title{padding:0;margin:0;line-height:1}.elementor-widget-heading .elementor-heading-title[class*=elementor-size-]>a{color:inherit;font-size:inherit;line-height:inherit}.elementor-widget-heading .elementor-heading-title.elementor-size-small{font-size:15px}.elementor-widget-heading .elementor-heading-title.elementor-size-medium{font-size:19px}.elementor-widget-heading .elementor-heading-title.elementor-size-large{font-size:29px}.elementor-widget-heading .elementor-heading-title.elementor-size-xl{font-size:39px}.elementor-widget-heading .elementor-heading-title.elementor-size-xxl{font-size:59px}<\/style><h1 class=\"elementor-heading-title elementor-size-default\">Nos actualit\u00e9s<\/h1>\t\t<\/div>\n\t\t\t\t<\/div>\n\t\t\t\t<section data-particle_enable=\"false\" data-particle-mobile-disabled=\"false\" class=\"elementor-section elementor-inner-section elementor-element elementor-element-87f22ab elementor-section-full_width elementor-section-height-default elementor-section-height-default\" data-id=\"87f22ab\" data-element_type=\"section\">\n\t\t\t\t\t\t<div class=\"elementor-container elementor-column-gap-default\">\n\t\t\t\t\t<div class=\"elementor-column elementor-col-50 elementor-inner-column elementor-element elementor-element-47508be\" data-id=\"47508be\" data-element_type=\"column\">\n\t\t\t<div class=\"elementor-widget-wrap elementor-element-populated\">\n\t\t\t\t\t\t<div class=\"elementor-element elementor-element-46fba372 elementor-widget elementor-widget-heading\" data-id=\"46fba372\" data-element_type=\"widget\" data-widget_type=\"heading.default\">\n\t\t\t\t<div class=\"elementor-widget-container\">\n\t\t\t<h2 class=\"elementor-heading-title elementor-size-default\">D\u00e9couvrez notre actualit\u00e9<\/h2>\t\t<\/div>\n\t\t\t\t<\/div>\n\t\t\t\t<div class=\"elementor-element elementor-element-66977289 elementor-widget elementor-widget-text-editor\" data-id=\"66977289\" data-element_type=\"widget\" data-widget_type=\"text-editor.default\">\n\t\t\t\t<div class=\"elementor-widget-container\">\n\t\t\t<style>\/*! elementor - v3.20.0 - 19-02-2024 *\/\n.elementor-widget-text-editor.elementor-drop-cap-view-stacked .elementor-drop-cap{background-color:#69727d;color:#fff}.elementor-widget-text-editor.elementor-drop-cap-view-framed .elementor-drop-cap{color:#69727d;border:3px solid;background-color:transparent}.elementor-widget-text-editor:not(.elementor-drop-cap-view-default) .elementor-drop-cap{margin-top:8px}.elementor-widget-text-editor:not(.elementor-drop-cap-view-default) .elementor-drop-cap-letter{width:1em;height:1em}.elementor-widget-text-editor .elementor-drop-cap{float:left;text-align:center;line-height:1;font-size:50px}.elementor-widget-text-editor .elementor-drop-cap-letter{display:inline-block}<\/style>\t\t\t\t<p>Bienvenue sur notre page d&#8217;actualit\u00e9s ! Nous vous tenons inform\u00e9s de tout ce qui se passe au sein de notre entreprise et du secteur dans lequel nous \u00e9voluons.<\/p><p>Restez \u00e0 l&#8217;\u00e9coute pour conna\u00eetre nos derni\u00e8res nouvelles, nos annonces, nos \u00e9v\u00e9nements et bien plus encore. Nous publions r\u00e9guli\u00e8rement du contenu pour vous tenir inform\u00e9 de ce qui se passe chez nous et nous esp\u00e9rons que vous appr\u00e9cierez suivre notre actualit\u00e9.<\/p><p>N&#8217;h\u00e9sitez pas \u00e0 nous suivre sur les r\u00e9seaux sociaux pour ne rien manquer de ce qui se passe chez nous. Nous sommes impatients de partager toutes nos nouvelles et nos mises \u00e0 jour avec vous !<\/p>\t\t\t\t\t\t<\/div>\n\t\t\t\t<\/div>\n\t\t\t\t<div class=\"elementor-element elementor-element-67f1fbad elementor-grid-3 elementor-grid-tablet-2 elementor-grid-mobile-1 elementor-widget elementor-widget-loop-grid\" data-id=\"67f1fbad\" data-element_type=\"widget\" data-settings=\"{&quot;template_id&quot;:&quot;658&quot;,&quot;columns&quot;:3,&quot;_skin&quot;:&quot;post&quot;,&quot;columns_tablet&quot;:&quot;2&quot;,&quot;columns_mobile&quot;:&quot;1&quot;,&quot;edit_handle_selector&quot;:&quot;[data-elementor-type=\\&quot;loop-item\\&quot;]&quot;,&quot;row_gap&quot;:{&quot;unit&quot;:&quot;px&quot;,&quot;size&quot;:&quot;&quot;,&quot;sizes&quot;:[]},&quot;row_gap_tablet&quot;:{&quot;unit&quot;:&quot;px&quot;,&quot;size&quot;:&quot;&quot;,&quot;sizes&quot;:[]},&quot;row_gap_mobile&quot;:{&quot;unit&quot;:&quot;px&quot;,&quot;size&quot;:&quot;&quot;,&quot;sizes&quot;:[]}}\" data-widget_type=\"loop-grid.post\">\n\t\t\t\t<div class=\"elementor-widget-container\">\n\t\t\t<link rel=\"stylesheet\" href=\"https:\/\/emodou.be\/wp-content\/plugins\/elementor-pro\/assets\/css\/widget-loop-builder.min.css\">\t\t<div class=\"elementor-loop-container elementor-grid\">\n\t\t<style id=\"loop-658\">.elementor-658 .elementor-element.elementor-element-5241465 .elementor-heading-title{color:#E67980;font-size:22px;font-weight:700;}.elementor-658 .elementor-element.elementor-element-be90670 > .elementor-widget-container{margin:-8px 0px 0px 0px;}.elementor-658 .elementor-element.elementor-element-c453a38 .elementor-button{font-size:16px;fill:#FFFFFF;color:#FFFFFF;background-color:#7CA4B4;border-radius:5px 5px 5px 5px;}.elementor-658 .elementor-element.elementor-element-c453a38 .elementor-button:hover, .elementor-658 .elementor-element.elementor-element-c453a38 .elementor-button:focus{color:#FFFFFF;background-color:#D88082;}.elementor-658 .elementor-element.elementor-element-c453a38 .elementor-button:hover svg, .elementor-658 .elementor-element.elementor-element-c453a38 .elementor-button:focus svg{fill:#FFFFFF;}<\/style>\t\t<div data-elementor-type=\"loop-item\" data-elementor-id=\"658\" class=\"elementor elementor-658 e-loop-item e-loop-item-4176 post-4176 post type-post status-publish format-standard has-post-thumbnail hentry category-non-classe\" data-elementor-post-type=\"elementor_library\" data-custom-edit-handle=\"1\">\n\t\t\t\t\t<section data-particle_enable=\"false\" data-particle-mobile-disabled=\"false\" class=\"elementor-section elementor-top-section elementor-element elementor-element-e03dd0f elementor-section-boxed elementor-section-height-default elementor-section-height-default\" data-id=\"e03dd0f\" data-element_type=\"section\">\n\t\t\t\t\t\t<div class=\"elementor-container elementor-column-gap-default\">\n\t\t\t\t\t<div class=\"elementor-column elementor-col-100 elementor-top-column elementor-element elementor-element-ee774cf\" data-id=\"ee774cf\" data-element_type=\"column\">\n\t\t\t<div class=\"elementor-widget-wrap elementor-element-populated\">\n\t\t\t\t\t\t<div class=\"elementor-element elementor-element-e8702e4 elementor-widget elementor-widget-theme-post-featured-image elementor-widget-image\" data-id=\"e8702e4\" data-element_type=\"widget\" data-settings=\"{&quot;_animation&quot;:&quot;none&quot;}\" data-widget_type=\"theme-post-featured-image.default\">\n\t\t\t\t<div class=\"elementor-widget-container\">\n\t\t\t<style>\/*! elementor - v3.20.0 - 19-02-2024 *\/\n.elementor-widget-image{text-align:center}.elementor-widget-image a{display:inline-block}.elementor-widget-image a img[src$=\".svg\"]{width:48px}.elementor-widget-image img{vertical-align:middle;display:inline-block}<\/style>\t\t\t\t\t\t\t\t\t\t\t<a href=\"https:\/\/emodou.be\/fr\/le-role-de-lempathie-dans-le-developpement-de-votre-enfant\/\">\n\t\t\t\t\t\t\t<img decoding=\"async\" src=\"https:\/\/emodou.be\/wp-content\/uploads\/elementor\/thumbs\/doudou-peur-vert-0m-2-min-qh1olzyux141zi6cqgmwpfcvnpanlmjnit34r6mfxk.jpg\" title=\"doudou-peur-vert-0m (2)-min\" alt=\"Doudou Peur Rhinoc\u00e9ros Emodou\" loading=\"lazy\" \/>\t\t\t\t\t\t\t\t<\/a>\n\t\t\t\t\t\t\t\t\t\t\t\t\t<\/div>\n\t\t\t\t<\/div>\n\t\t\t\t<div class=\"elementor-element elementor-element-5241465 elementor-widget elementor-widget-theme-post-title elementor-page-title elementor-widget-heading\" data-id=\"5241465\" data-element_type=\"widget\" data-widget_type=\"theme-post-title.default\">\n\t\t\t\t<div class=\"elementor-widget-container\">\n\t\t\t<h3 class=\"elementor-heading-title elementor-size-default\"><a href=\"https:\/\/emodou.be\/fr\/le-role-de-lempathie-dans-le-developpement-de-votre-enfant\/\">Le r\u00f4le de l&#8217;empathie dans le d\u00e9veloppement de votre enfant<\/a><\/h3>\t\t<\/div>\n\t\t\t\t<\/div>\n\t\t\t\t<div class=\"elementor-element elementor-element-be90670 elementor-widget elementor-widget-theme-post-excerpt\" data-id=\"be90670\" data-element_type=\"widget\" data-widget_type=\"theme-post-excerpt.default\">\n\t\t\t\t<div class=\"elementor-widget-container\">\n\t\t\tL'empathie, c'est la capacit\u00e9 de se mettre \u00e0 la place de l'autre, de comprendre ses \u00e9motions et de r\u00e9agir avec bienveillance. Chez les jeunes enfants, elle se d\u00e9veloppe progressivement et joue un r\u00f4le crucial dans leurs interactions sociales, leur gestion des conflits et leur \u00e9panouissement personnel.\t\t<\/div>\n\t\t\t\t<\/div>\n\t\t\t\t<div class=\"elementor-element elementor-element-c453a38 elementor-align-left elementor-widget elementor-widget-button\" data-id=\"c453a38\" data-element_type=\"widget\" data-widget_type=\"button.default\">\n\t\t\t\t<div class=\"elementor-widget-container\">\n\t\t\t\t\t<div class=\"elementor-button-wrapper\">\n\t\t\t<a class=\"elementor-button elementor-button-link elementor-size-sm\" href=\"https:\/\/emodou.be\/fr\/le-role-de-lempathie-dans-le-developpement-de-votre-enfant\/\">\n\t\t\t\t\t\t<span class=\"elementor-button-content-wrapper\">\n\t\t\t\t\t\t<span class=\"elementor-button-text\">Lire la suite<\/span>\n\t\t<\/span>\n\t\t\t\t\t<\/a>\n\t\t<\/div>\n\t\t\t\t<\/div>\n\t\t\t\t<\/div>\n\t\t\t\t\t<\/div>\n\t\t<\/div>\n\t\t\t\t\t<\/div>\n\t\t<\/section>\n\t\t\t\t<\/div>\n\t\t\t\t<div data-elementor-type=\"loop-item\" data-elementor-id=\"658\" class=\"elementor elementor-658 e-loop-item e-loop-item-4097 post-4097 post type-post status-publish format-standard has-post-thumbnail hentry category-blog category-coffret-emotions category-doudou\" data-elementor-post-type=\"elementor_library\" data-custom-edit-handle=\"1\">\n\t\t\t\t\t<section data-particle_enable=\"false\" data-particle-mobile-disabled=\"false\" class=\"elementor-section elementor-top-section elementor-element elementor-element-e03dd0f elementor-section-boxed elementor-section-height-default elementor-section-height-default\" data-id=\"e03dd0f\" data-element_type=\"section\">\n\t\t\t\t\t\t<div class=\"elementor-container elementor-column-gap-default\">\n\t\t\t\t\t<div class=\"elementor-column elementor-col-100 elementor-top-column elementor-element elementor-element-ee774cf\" data-id=\"ee774cf\" data-element_type=\"column\">\n\t\t\t<div class=\"elementor-widget-wrap elementor-element-populated\">\n\t\t\t\t\t\t<div class=\"elementor-element elementor-element-e8702e4 elementor-widget elementor-widget-theme-post-featured-image elementor-widget-image\" data-id=\"e8702e4\" data-element_type=\"widget\" data-settings=\"{&quot;_animation&quot;:&quot;none&quot;}\" data-widget_type=\"theme-post-featured-image.default\">\n\t\t\t\t<div class=\"elementor-widget-container\">\n\t\t\t\t\t\t\t\t\t\t\t\t\t\t<a href=\"https:\/\/emodou.be\/fr\/accompagnement-des-parents-denfants-en-situation-de-handicap\/\">\n\t\t\t\t\t\t\t<img decoding=\"async\" src=\"https:\/\/emodou.be\/wp-content\/uploads\/elementor\/thumbs\/15-1920w-qnstj8hapafcfg8mgxmos7u88loywlhq4x97niy52g.webp\" title=\"Photo d&#8217;une famille avec un enfant handicap\u00e9\" alt=\"Photo d&#039;une famille avec un enfant handicap\u00e9\" loading=\"lazy\" \/>\t\t\t\t\t\t\t\t<\/a>\n\t\t\t\t\t\t\t\t\t\t\t\t\t<\/div>\n\t\t\t\t<\/div>\n\t\t\t\t<div class=\"elementor-element elementor-element-5241465 elementor-widget elementor-widget-theme-post-title elementor-page-title elementor-widget-heading\" data-id=\"5241465\" data-element_type=\"widget\" data-widget_type=\"theme-post-title.default\">\n\t\t\t\t<div class=\"elementor-widget-container\">\n\t\t\t<h3 class=\"elementor-heading-title elementor-size-default\"><a href=\"https:\/\/emodou.be\/fr\/accompagnement-des-parents-denfants-en-situation-de-handicap\/\">Accompagnement des parents d&#8217;enfants en situation de handicap<\/a><\/h3>\t\t<\/div>\n\t\t\t\t<\/div>\n\t\t\t\t<div class=\"elementor-element elementor-element-be90670 elementor-widget elementor-widget-theme-post-excerpt\" data-id=\"be90670\" data-element_type=\"widget\" data-widget_type=\"theme-post-excerpt.default\">\n\t\t\t\t<div class=\"elementor-widget-container\">\n\t\t\tD\u00e9couvrez nos 5 conseils et notre partenaire pour vous aider \u00e0 accompagner votre enfant en situation de handicap.\t\t<\/div>\n\t\t\t\t<\/div>\n\t\t\t\t<div class=\"elementor-element elementor-element-c453a38 elementor-align-left elementor-widget elementor-widget-button\" data-id=\"c453a38\" data-element_type=\"widget\" data-widget_type=\"button.default\">\n\t\t\t\t<div class=\"elementor-widget-container\">\n\t\t\t\t\t<div class=\"elementor-button-wrapper\">\n\t\t\t<a class=\"elementor-button elementor-button-link elementor-size-sm\" href=\"https:\/\/emodou.be\/fr\/accompagnement-des-parents-denfants-en-situation-de-handicap\/\">\n\t\t\t\t\t\t<span class=\"elementor-button-content-wrapper\">\n\t\t\t\t\t\t<span class=\"elementor-button-text\">Lire la suite<\/span>\n\t\t<\/span>\n\t\t\t\t\t<\/a>\n\t\t<\/div>\n\t\t\t\t<\/div>\n\t\t\t\t<\/div>\n\t\t\t\t\t<\/div>\n\t\t<\/div>\n\t\t\t\t\t<\/div>\n\t\t<\/section>\n\t\t\t\t<\/div>\n\t\t\t\t<div data-elementor-type=\"loop-item\" data-elementor-id=\"658\" class=\"elementor elementor-658 e-loop-item e-loop-item-3909 post-3909 post type-post status-publish format-standard has-post-thumbnail hentry category-blog category-coffret-emotions category-doudou\" data-elementor-post-type=\"elementor_library\" data-custom-edit-handle=\"1\">\n\t\t\t\t\t<section data-particle_enable=\"false\" data-particle-mobile-disabled=\"false\" class=\"elementor-section elementor-top-section elementor-element elementor-element-e03dd0f elementor-section-boxed elementor-section-height-default elementor-section-height-default\" data-id=\"e03dd0f\" data-element_type=\"section\">\n\t\t\t\t\t\t<div class=\"elementor-container elementor-column-gap-default\">\n\t\t\t\t\t<div class=\"elementor-column elementor-col-100 elementor-top-column elementor-element elementor-element-ee774cf\" data-id=\"ee774cf\" data-element_type=\"column\">\n\t\t\t<div class=\"elementor-widget-wrap elementor-element-populated\">\n\t\t\t\t\t\t<div class=\"elementor-element elementor-element-e8702e4 elementor-widget elementor-widget-theme-post-featured-image elementor-widget-image\" data-id=\"e8702e4\" data-element_type=\"widget\" data-settings=\"{&quot;_animation&quot;:&quot;none&quot;}\" data-widget_type=\"theme-post-featured-image.default\">\n\t\t\t\t<div class=\"elementor-widget-container\">\n\t\t\t\t\t\t\t\t\t\t\t\t\t\t<a href=\"https:\/\/emodou.be\/fr\/enfant-autiste-trouble-attention-guide\/\">\n\t\t\t\t\t\t\t<img decoding=\"async\" src=\"https:\/\/emodou.be\/wp-content\/uploads\/elementor\/thumbs\/Enfant-autiste-trouble-attention-qltp45eon3oljjoz88vcss27wmyg0xsjkly9mhv6lk.jpg\" title=\"Comprendre comment accompagner son enfant autiste au quotidien ?\" alt=\"Conseils pour vous aider \u00e0 comprendre et accompagner votre enfant autiste ou pr\u00e9sentant des TSA, TDA(H), DYS\" loading=\"lazy\" \/>\t\t\t\t\t\t\t\t<\/a>\n\t\t\t\t\t\t\t\t\t\t\t\t\t<\/div>\n\t\t\t\t<\/div>\n\t\t\t\t<div class=\"elementor-element elementor-element-5241465 elementor-widget elementor-widget-theme-post-title elementor-page-title elementor-widget-heading\" data-id=\"5241465\" data-element_type=\"widget\" data-widget_type=\"theme-post-title.default\">\n\t\t\t\t<div class=\"elementor-widget-container\">\n\t\t\t<h3 class=\"elementor-heading-title elementor-size-default\"><a href=\"https:\/\/emodou.be\/fr\/enfant-autiste-trouble-attention-guide\/\">Comment accompagner votre enfant autiste ou pr\u00e9sentant des TSA, TDA(H), DYS&#8230;\u00a0?<\/a><\/h3>\t\t<\/div>\n\t\t\t\t<\/div>\n\t\t\t\t<div class=\"elementor-element elementor-element-be90670 elementor-widget elementor-widget-theme-post-excerpt\" data-id=\"be90670\" data-element_type=\"widget\" data-widget_type=\"theme-post-excerpt.default\">\n\t\t\t\t<div class=\"elementor-widget-container\">\n\t\t\tLorsque votre enfant est diagnostiqu\u00e9 TSA (Troubles du Spectre de l'Autisme), TDA(H) (Troubles D\u00e9ficitaire de l'Attention avec ou sans Hyperactivit\u00e9) ou encore DYS (dyslexie, dyspraxie, etc.), cela peut \u00eatre un d\u00e9fi \u00e9motionnel pour toute la famille.\t\t<\/div>\n\t\t\t\t<\/div>\n\t\t\t\t<div class=\"elementor-element elementor-element-c453a38 elementor-align-left elementor-widget elementor-widget-button\" data-id=\"c453a38\" data-element_type=\"widget\" data-widget_type=\"button.default\">\n\t\t\t\t<div class=\"elementor-widget-container\">\n\t\t\t\t\t<div class=\"elementor-button-wrapper\">\n\t\t\t<a class=\"elementor-button elementor-button-link elementor-size-sm\" href=\"https:\/\/emodou.be\/fr\/enfant-autiste-trouble-attention-guide\/\">\n\t\t\t\t\t\t<span class=\"elementor-button-content-wrapper\">\n\t\t\t\t\t\t<span class=\"elementor-button-text\">Lire la suite<\/span>\n\t\t<\/span>\n\t\t\t\t\t<\/a>\n\t\t<\/div>\n\t\t\t\t<\/div>\n\t\t\t\t<\/div>\n\t\t\t\t\t<\/div>\n\t\t<\/div>\n\t\t\t\t\t<\/div>\n\t\t<\/section>\n\t\t\t\t<\/div>\n\t\t\t\t<div data-elementor-type=\"loop-item\" data-elementor-id=\"658\" class=\"elementor elementor-658 e-loop-item e-loop-item-3866 post-3866 post type-post status-publish format-standard has-post-thumbnail hentry category-coffret-famille category-doudou\" data-elementor-post-type=\"elementor_library\" data-custom-edit-handle=\"1\">\n\t\t\t\t\t<section data-particle_enable=\"false\" data-particle-mobile-disabled=\"false\" class=\"elementor-section elementor-top-section elementor-element elementor-element-e03dd0f elementor-section-boxed elementor-section-height-default elementor-section-height-default\" data-id=\"e03dd0f\" data-element_type=\"section\">\n\t\t\t\t\t\t<div class=\"elementor-container elementor-column-gap-default\">\n\t\t\t\t\t<div class=\"elementor-column elementor-col-100 elementor-top-column elementor-element elementor-element-ee774cf\" data-id=\"ee774cf\" data-element_type=\"column\">\n\t\t\t<div class=\"elementor-widget-wrap elementor-element-populated\">\n\t\t\t\t\t\t<div class=\"elementor-element elementor-element-e8702e4 elementor-widget elementor-widget-theme-post-featured-image elementor-widget-image\" data-id=\"e8702e4\" data-element_type=\"widget\" data-settings=\"{&quot;_animation&quot;:&quot;none&quot;}\" data-widget_type=\"theme-post-featured-image.default\">\n\t\t\t\t<div class=\"elementor-widget-container\">\n\t\t\t\t\t\t\t\t\t\t\t\t\t\t<a href=\"https:\/\/emodou.be\/fr\/emotions-bebe-et-angoisse-de-separation\/\">\n\t\t\t\t\t\t\t<img decoding=\"async\" src=\"https:\/\/emodou.be\/wp-content\/uploads\/elementor\/thumbs\/Emotions-bebe-angoisse-separation-qkflgvkmi1ny8rzo9cgv9ykax8xr5x50cn9i2441ew.jpg\" title=\"Emotions-bebe-angoisse-separation\" alt=\"Conseils pour vous aider \u00e0 comprendre les \u00e9motions b\u00e9b\u00e9 et \u00e0 g\u00e9rer ses angoisses\" loading=\"lazy\" \/>\t\t\t\t\t\t\t\t<\/a>\n\t\t\t\t\t\t\t\t\t\t\t\t\t<\/div>\n\t\t\t\t<\/div>\n\t\t\t\t<div class=\"elementor-element elementor-element-5241465 elementor-widget elementor-widget-theme-post-title elementor-page-title elementor-widget-heading\" data-id=\"5241465\" data-element_type=\"widget\" data-widget_type=\"theme-post-title.default\">\n\t\t\t\t<div class=\"elementor-widget-container\">\n\t\t\t<h3 class=\"elementor-heading-title elementor-size-default\"><a href=\"https:\/\/emodou.be\/fr\/emotions-bebe-et-angoisse-de-separation\/\">Comment apaiser les angoisses et \u00e9motions de mon b\u00e9b\u00e9\u00a0?<\/a><\/h3>\t\t<\/div>\n\t\t\t\t<\/div>\n\t\t\t\t<div class=\"elementor-element elementor-element-be90670 elementor-widget elementor-widget-theme-post-excerpt\" data-id=\"be90670\" data-element_type=\"widget\" data-widget_type=\"theme-post-excerpt.default\">\n\t\t\t\t<div class=\"elementor-widget-container\">\n\t\t\tUne des plus grandes pr\u00e9occupations des parents est de trouver des cl\u00e9s pour apaiser les angoisses de b\u00e9b\u00e9.\t\t<\/div>\n\t\t\t\t<\/div>\n\t\t\t\t<div class=\"elementor-element elementor-element-c453a38 elementor-align-left elementor-widget elementor-widget-button\" data-id=\"c453a38\" data-element_type=\"widget\" data-widget_type=\"button.default\">\n\t\t\t\t<div class=\"elementor-widget-container\">\n\t\t\t\t\t<div class=\"elementor-button-wrapper\">\n\t\t\t<a class=\"elementor-button elementor-button-link elementor-size-sm\" href=\"https:\/\/emodou.be\/fr\/emotions-bebe-et-angoisse-de-separation\/\">\n\t\t\t\t\t\t<span class=\"elementor-button-content-wrapper\">\n\t\t\t\t\t\t<span class=\"elementor-button-text\">Lire la suite<\/span>\n\t\t<\/span>\n\t\t\t\t\t<\/a>\n\t\t<\/div>\n\t\t\t\t<\/div>\n\t\t\t\t<\/div>\n\t\t\t\t\t<\/div>\n\t\t<\/div>\n\t\t\t\t\t<\/div>\n\t\t<\/section>\n\t\t\t\t<\/div>\n\t\t\t\t<div data-elementor-type=\"loop-item\" data-elementor-id=\"658\" class=\"elementor elementor-658 e-loop-item e-loop-item-3715 post-3715 post type-post status-publish format-standard has-post-thumbnail hentry category-coffret-famille category-doudou\" data-elementor-post-type=\"elementor_library\" data-custom-edit-handle=\"1\">\n\t\t\t\t\t<section data-particle_enable=\"false\" data-particle-mobile-disabled=\"false\" class=\"elementor-section elementor-top-section elementor-element elementor-element-e03dd0f elementor-section-boxed elementor-section-height-default elementor-section-height-default\" data-id=\"e03dd0f\" data-element_type=\"section\">\n\t\t\t\t\t\t<div class=\"elementor-container elementor-column-gap-default\">\n\t\t\t\t\t<div class=\"elementor-column elementor-col-100 elementor-top-column elementor-element elementor-element-ee774cf\" data-id=\"ee774cf\" data-element_type=\"column\">\n\t\t\t<div class=\"elementor-widget-wrap elementor-element-populated\">\n\t\t\t\t\t\t<div class=\"elementor-element elementor-element-e8702e4 elementor-widget elementor-widget-theme-post-featured-image elementor-widget-image\" data-id=\"e8702e4\" data-element_type=\"widget\" data-settings=\"{&quot;_animation&quot;:&quot;none&quot;}\" data-widget_type=\"theme-post-featured-image.default\">\n\t\t\t\t<div class=\"elementor-widget-container\">\n\t\t\t\t\t\t\t\t\t\t\t\t\t\t<a href=\"https:\/\/emodou.be\/fr\/la-sensation-toucher-pour-un-doudou-est-un-element-primordial\/\">\n\t\t\t\t\t\t\t<img decoding=\"async\" src=\"https:\/\/emodou.be\/wp-content\/uploads\/elementor\/thumbs\/doudou-emodou-touche-doux-qj2i0aabz6x5702ijjcvcevvly5xxs1iwcxy2yuwx4.jpg\" title=\"\" alt=\"Doudou touch\u00e9\" loading=\"lazy\" \/>\t\t\t\t\t\t\t\t<\/a>\n\t\t\t\t\t\t\t\t\t\t\t\t\t<\/div>\n\t\t\t\t<\/div>\n\t\t\t\t<div class=\"elementor-element elementor-element-5241465 elementor-widget elementor-widget-theme-post-title elementor-page-title elementor-widget-heading\" data-id=\"5241465\" data-element_type=\"widget\" data-widget_type=\"theme-post-title.default\">\n\t\t\t\t<div class=\"elementor-widget-container\">\n\t\t\t<h3 class=\"elementor-heading-title elementor-size-default\"><a href=\"https:\/\/emodou.be\/fr\/la-sensation-toucher-pour-un-doudou-est-un-element-primordial\/\">La sensation du toucher pour un doudou est un \u00e9l\u00e9ment primordial<\/a><\/h3>\t\t<\/div>\n\t\t\t\t<\/div>\n\t\t\t\t<div class=\"elementor-element elementor-element-be90670 elementor-widget elementor-widget-theme-post-excerpt\" data-id=\"be90670\" data-element_type=\"widget\" data-widget_type=\"theme-post-excerpt.default\">\n\t\t\t\t<div class=\"elementor-widget-container\">\n\t\t\tLe Doudou B\u00e9b\u00e9 Rhino est con\u00e7u pour aider les b\u00e9b\u00e9s \u00e0 d\u00e9velopper leurs comp\u00e9tences sensorimotrices d\u00e8s la naissance\t\t<\/div>\n\t\t\t\t<\/div>\n\t\t\t\t<div class=\"elementor-element elementor-element-c453a38 elementor-align-left elementor-widget elementor-widget-button\" data-id=\"c453a38\" data-element_type=\"widget\" data-widget_type=\"button.default\">\n\t\t\t\t<div class=\"elementor-widget-container\">\n\t\t\t\t\t<div class=\"elementor-button-wrapper\">\n\t\t\t<a class=\"elementor-button elementor-button-link elementor-size-sm\" href=\"https:\/\/emodou.be\/fr\/la-sensation-toucher-pour-un-doudou-est-un-element-primordial\/\">\n\t\t\t\t\t\t<span class=\"elementor-button-content-wrapper\">\n\t\t\t\t\t\t<span class=\"elementor-button-text\">Lire la suite<\/span>\n\t\t<\/span>\n\t\t\t\t\t<\/a>\n\t\t<\/div>\n\t\t\t\t<\/div>\n\t\t\t\t<\/div>\n\t\t\t\t\t<\/div>\n\t\t<\/div>\n\t\t\t\t\t<\/div>\n\t\t<\/section>\n\t\t\t\t<\/div>\n\t\t\t\t<div data-elementor-type=\"loop-item\" data-elementor-id=\"658\" class=\"elementor elementor-658 e-loop-item e-loop-item-3290 post-3290 post type-post status-publish format-standard has-post-thumbnail hentry category-coffret-famille category-doudou\" data-elementor-post-type=\"elementor_library\" data-custom-edit-handle=\"1\">\n\t\t\t\t\t<section data-particle_enable=\"false\" data-particle-mobile-disabled=\"false\" class=\"elementor-section elementor-top-section elementor-element elementor-element-e03dd0f elementor-section-boxed elementor-section-height-default elementor-section-height-default\" data-id=\"e03dd0f\" data-element_type=\"section\">\n\t\t\t\t\t\t<div class=\"elementor-container elementor-column-gap-default\">\n\t\t\t\t\t<div class=\"elementor-column elementor-col-100 elementor-top-column elementor-element elementor-element-ee774cf\" data-id=\"ee774cf\" data-element_type=\"column\">\n\t\t\t<div class=\"elementor-widget-wrap elementor-element-populated\">\n\t\t\t\t\t\t<div class=\"elementor-element elementor-element-e8702e4 elementor-widget elementor-widget-theme-post-featured-image elementor-widget-image\" data-id=\"e8702e4\" data-element_type=\"widget\" data-settings=\"{&quot;_animation&quot;:&quot;none&quot;}\" data-widget_type=\"theme-post-featured-image.default\">\n\t\t\t\t<div class=\"elementor-widget-container\">\n\t\t\t\t\t\t\t\t\t\t\t\t\t\t<a href=\"https:\/\/emodou.be\/fr\/comment-choisir-un-doudou-adapte-aux-bebes-de-0-a-24-mois\/\">\n\t\t\t\t\t\t\t<img decoding=\"async\" src=\"https:\/\/emodou.be\/wp-content\/uploads\/elementor\/thumbs\/Coffret-naissance-3-q7k4lrhzse3ic1208vacv6onr9jasdz4lv30htfors.webp\" title=\"\" alt=\"Un doudou pour votre b\u00e9b\u00e9\" loading=\"lazy\" \/>\t\t\t\t\t\t\t\t<\/a>\n\t\t\t\t\t\t\t\t\t\t\t\t\t<\/div>\n\t\t\t\t<\/div>\n\t\t\t\t<div class=\"elementor-element elementor-element-5241465 elementor-widget elementor-widget-theme-post-title elementor-page-title elementor-widget-heading\" data-id=\"5241465\" data-element_type=\"widget\" data-widget_type=\"theme-post-title.default\">\n\t\t\t\t<div class=\"elementor-widget-container\">\n\t\t\t<h3 class=\"elementor-heading-title elementor-size-default\"><a href=\"https:\/\/emodou.be\/fr\/comment-choisir-un-doudou-adapte-aux-bebes-de-0-a-24-mois\/\">Comment choisir un doudou adapt\u00e9 aux b\u00e9b\u00e9s de 0 \u00e0 24 mois ?<\/a><\/h3>\t\t<\/div>\n\t\t\t\t<\/div>\n\t\t\t\t<div class=\"elementor-element elementor-element-be90670 elementor-widget elementor-widget-theme-post-excerpt\" data-id=\"be90670\" data-element_type=\"widget\" data-widget_type=\"theme-post-excerpt.default\">\n\t\t\t\t<div class=\"elementor-widget-container\">\n\t\t\tD\u00e9couvrez les 4 conseils \u00e0 prendre en compte lors du choix d'un doudou et comment cela peut influencer le bien-\u00eatre \u00e9motionnel de votre tout-petit.\t\t<\/div>\n\t\t\t\t<\/div>\n\t\t\t\t<div class=\"elementor-element elementor-element-c453a38 elementor-align-left elementor-widget elementor-widget-button\" data-id=\"c453a38\" data-element_type=\"widget\" data-widget_type=\"button.default\">\n\t\t\t\t<div class=\"elementor-widget-container\">\n\t\t\t\t\t<div class=\"elementor-button-wrapper\">\n\t\t\t<a class=\"elementor-button elementor-button-link elementor-size-sm\" href=\"https:\/\/emodou.be\/fr\/comment-choisir-un-doudou-adapte-aux-bebes-de-0-a-24-mois\/\">\n\t\t\t\t\t\t<span class=\"elementor-button-content-wrapper\">\n\t\t\t\t\t\t<span class=\"elementor-button-text\">Lire la suite<\/span>\n\t\t<\/span>\n\t\t\t\t\t<\/a>\n\t\t<\/div>\n\t\t\t\t<\/div>\n\t\t\t\t<\/div>\n\t\t\t\t\t<\/div>\n\t\t<\/div>\n\t\t\t\t\t<\/div>\n\t\t<\/section>\n\t\t\t\t<\/div>\n\t\t\t\t<div data-elementor-type=\"loop-item\" data-elementor-id=\"658\" class=\"elementor elementor-658 e-loop-item e-loop-item-3196 post-3196 post type-post status-publish format-standard has-post-thumbnail hentry category-coffret-emotions category-doudou\" data-elementor-post-type=\"elementor_library\" data-custom-edit-handle=\"1\">\n\t\t\t\t\t<section data-particle_enable=\"false\" data-particle-mobile-disabled=\"false\" class=\"elementor-section elementor-top-section elementor-element elementor-element-e03dd0f elementor-section-boxed elementor-section-height-default elementor-section-height-default\" data-id=\"e03dd0f\" data-element_type=\"section\">\n\t\t\t\t\t\t<div class=\"elementor-container elementor-column-gap-default\">\n\t\t\t\t\t<div class=\"elementor-column elementor-col-100 elementor-top-column elementor-element elementor-element-ee774cf\" data-id=\"ee774cf\" data-element_type=\"column\">\n\t\t\t<div class=\"elementor-widget-wrap elementor-element-populated\">\n\t\t\t\t\t\t<div class=\"elementor-element elementor-element-e8702e4 elementor-widget elementor-widget-theme-post-featured-image elementor-widget-image\" data-id=\"e8702e4\" data-element_type=\"widget\" data-settings=\"{&quot;_animation&quot;:&quot;none&quot;}\" data-widget_type=\"theme-post-featured-image.default\">\n\t\t\t\t<div class=\"elementor-widget-container\">\n\t\t\t\t\t\t\t\t\t\t\t\t\t\t<a href=\"https:\/\/emodou.be\/fr\/comment-le-doudou-demodou-contribue-au-developpement-emotionnel-de-votre-bebe\/\">\n\t\t\t\t\t\t\t<img decoding=\"async\" src=\"https:\/\/emodou.be\/wp-content\/uploads\/elementor\/thumbs\/Coffret-emotions-6-q6jiym7limygrz946rkkva2lvrc5cfqavonfpi017s.webp\" title=\"\" alt=\"Coffret doudous \u00e9motions\" loading=\"lazy\" \/>\t\t\t\t\t\t\t\t<\/a>\n\t\t\t\t\t\t\t\t\t\t\t\t\t<\/div>\n\t\t\t\t<\/div>\n\t\t\t\t<div class=\"elementor-element elementor-element-5241465 elementor-widget elementor-widget-theme-post-title elementor-page-title elementor-widget-heading\" data-id=\"5241465\" data-element_type=\"widget\" data-widget_type=\"theme-post-title.default\">\n\t\t\t\t<div class=\"elementor-widget-container\">\n\t\t\t<h3 class=\"elementor-heading-title elementor-size-default\"><a href=\"https:\/\/emodou.be\/fr\/comment-le-doudou-demodou-contribue-au-developpement-emotionnel-de-votre-bebe\/\">Comment le doudou d&#8217;Emodou contribue au d\u00e9veloppement \u00e9motionnel de votre b\u00e9b\u00e9 ?<\/a><\/h3>\t\t<\/div>\n\t\t\t\t<\/div>\n\t\t\t\t<div class=\"elementor-element elementor-element-be90670 elementor-widget elementor-widget-theme-post-excerpt\" data-id=\"be90670\" data-element_type=\"widget\" data-widget_type=\"theme-post-excerpt.default\">\n\t\t\t\t<div class=\"elementor-widget-container\">\n\t\t\tSavez-vous que les bienfaits d'un doudou pour le d\u00e9veloppement \u00e9motionnel des enfants vont bien au-del\u00e0 de la simple consolation.\t\t<\/div>\n\t\t\t\t<\/div>\n\t\t\t\t<div class=\"elementor-element elementor-element-c453a38 elementor-align-left elementor-widget elementor-widget-button\" data-id=\"c453a38\" data-element_type=\"widget\" data-widget_type=\"button.default\">\n\t\t\t\t<div class=\"elementor-widget-container\">\n\t\t\t\t\t<div class=\"elementor-button-wrapper\">\n\t\t\t<a class=\"elementor-button elementor-button-link elementor-size-sm\" href=\"https:\/\/emodou.be\/fr\/comment-le-doudou-demodou-contribue-au-developpement-emotionnel-de-votre-bebe\/\">\n\t\t\t\t\t\t<span class=\"elementor-button-content-wrapper\">\n\t\t\t\t\t\t<span class=\"elementor-button-text\">Lire la suite<\/span>\n\t\t<\/span>\n\t\t\t\t\t<\/a>\n\t\t<\/div>\n\t\t\t\t<\/div>\n\t\t\t\t<\/div>\n\t\t\t\t\t<\/div>\n\t\t<\/div>\n\t\t\t\t\t<\/div>\n\t\t<\/section>\n\t\t\t\t<\/div>\n\t\t\t\t<div data-elementor-type=\"loop-item\" data-elementor-id=\"658\" class=\"elementor elementor-658 e-loop-item e-loop-item-3051 post-3051 post type-post status-publish format-standard has-post-thumbnail hentry category-actualites\" data-elementor-post-type=\"elementor_library\" data-custom-edit-handle=\"1\">\n\t\t\t\t\t<section data-particle_enable=\"false\" data-particle-mobile-disabled=\"false\" class=\"elementor-section elementor-top-section elementor-element elementor-element-e03dd0f elementor-section-boxed elementor-section-height-default elementor-section-height-default\" data-id=\"e03dd0f\" data-element_type=\"section\">\n\t\t\t\t\t\t<div class=\"elementor-container elementor-column-gap-default\">\n\t\t\t\t\t<div class=\"elementor-column elementor-col-100 elementor-top-column elementor-element elementor-element-ee774cf\" data-id=\"ee774cf\" data-element_type=\"column\">\n\t\t\t<div class=\"elementor-widget-wrap elementor-element-populated\">\n\t\t\t\t\t\t<div class=\"elementor-element elementor-element-e8702e4 elementor-widget elementor-widget-theme-post-featured-image elementor-widget-image\" data-id=\"e8702e4\" data-element_type=\"widget\" data-settings=\"{&quot;_animation&quot;:&quot;none&quot;}\" data-widget_type=\"theme-post-featured-image.default\">\n\t\t\t\t<div class=\"elementor-widget-container\">\n\t\t\t\t\t\t\t\t\t\t\t\t\t\t<a href=\"https:\/\/emodou.be\/fr\/comment-creer-la-liste-de-naissance-parfaite\/\">\n\t\t\t\t\t\t\t<img decoding=\"async\" src=\"https:\/\/emodou.be\/wp-content\/uploads\/elementor\/thumbs\/Comment-creer-la-liste-de-naissance-parfaite-qcxqdmf8khilp1kx7wf5bg9vf4x4uenvs9djinx63s.webp\" title=\"Comment cr\u00e9er la liste de naissance parfaite\" alt=\"Comment cr\u00e9er la liste de naissance parfaite\" loading=\"lazy\" \/>\t\t\t\t\t\t\t\t<\/a>\n\t\t\t\t\t\t\t\t\t\t\t\t\t<\/div>\n\t\t\t\t<\/div>\n\t\t\t\t<div class=\"elementor-element elementor-element-5241465 elementor-widget elementor-widget-theme-post-title elementor-page-title elementor-widget-heading\" data-id=\"5241465\" data-element_type=\"widget\" data-widget_type=\"theme-post-title.default\">\n\t\t\t\t<div class=\"elementor-widget-container\">\n\t\t\t<h3 class=\"elementor-heading-title elementor-size-default\"><a href=\"https:\/\/emodou.be\/fr\/comment-creer-la-liste-de-naissance-parfaite\/\">Comment cr\u00e9er la liste de naissance parfaite<\/a><\/h3>\t\t<\/div>\n\t\t\t\t<\/div>\n\t\t\t\t<div class=\"elementor-element elementor-element-be90670 elementor-widget elementor-widget-theme-post-excerpt\" data-id=\"be90670\" data-element_type=\"widget\" data-widget_type=\"theme-post-excerpt.default\">\n\t\t\t\t<div class=\"elementor-widget-container\">\n\t\t\tD\u00e9couvrez gr\u00e2ce \u00e0 notre \u00e9quipe Emodou les \u00e9tapes pour savoir Comment cr\u00e9er la liste de naissance parfaite pour l'arriv\u00e9e de b\u00e9b\u00e9.\t\t<\/div>\n\t\t\t\t<\/div>\n\t\t\t\t<div class=\"elementor-element elementor-element-c453a38 elementor-align-left elementor-widget elementor-widget-button\" data-id=\"c453a38\" data-element_type=\"widget\" data-widget_type=\"button.default\">\n\t\t\t\t<div class=\"elementor-widget-container\">\n\t\t\t\t\t<div class=\"elementor-button-wrapper\">\n\t\t\t<a class=\"elementor-button elementor-button-link elementor-size-sm\" href=\"https:\/\/emodou.be\/fr\/comment-creer-la-liste-de-naissance-parfaite\/\">\n\t\t\t\t\t\t<span class=\"elementor-button-content-wrapper\">\n\t\t\t\t\t\t<span class=\"elementor-button-text\">Lire la suite<\/span>\n\t\t<\/span>\n\t\t\t\t\t<\/a>\n\t\t<\/div>\n\t\t\t\t<\/div>\n\t\t\t\t<\/div>\n\t\t\t\t\t<\/div>\n\t\t<\/div>\n\t\t\t\t\t<\/div>\n\t\t<\/section>\n\t\t\t\t<\/div>\n\t\t\t\t<\/div>\n\t\t\n\t\t\t\t<\/div>\n\t\t\t\t<\/div>\n\t\t\t\t\t<\/div>\n\t\t<\/div>\n\t\t\t\t<div class=\"elementor-column elementor-col-50 elementor-inner-column elementor-element elementor-element-9e6527f\" data-id=\"9e6527f\" data-element_type=\"column\">\n\t\t\t<div class=\"elementor-widget-wrap elementor-element-populated\">\n\t\t\t\t\t\t<div class=\"elementor-element elementor-element-ff740a7 elementor-widget elementor-widget-wp-widget-recent-posts\" data-id=\"ff740a7\" data-element_type=\"widget\" data-widget_type=\"wp-widget-recent-posts.default\">\n\t\t\t\t<div class=\"elementor-widget-container\">\n\t\t\t\n\t\t\n\t\t<h5>Cela peut vous int\u00e9resser aussi&#8230;<\/h5>\n\t\t<ul>\n\t\t\t\t\t\t\t\t\t\t\t<li>\n\t\t\t\t\t<a href=\"https:\/\/emodou.be\/fr\/le-role-de-lempathie-dans-le-developpement-de-votre-enfant\/\">Le r\u00f4le de l&#8217;empathie dans le d\u00e9veloppement de votre enfant<\/a>\n\t\t\t\t\t\t\t\t\t<\/li>\n\t\t\t\t\t\t\t\t\t\t\t<li>\n\t\t\t\t\t<a href=\"https:\/\/emodou.be\/fr\/accompagnement-des-parents-denfants-en-situation-de-handicap\/\">Accompagnement des parents d&#8217;enfants en situation de handicap<\/a>\n\t\t\t\t\t\t\t\t\t<\/li>\n\t\t\t\t\t\t\t\t\t\t\t<li>\n\t\t\t\t\t<a href=\"https:\/\/emodou.be\/fr\/enfant-autiste-trouble-attention-guide\/\">Comment accompagner votre enfant autiste ou pr\u00e9sentant des TSA, TDA(H), DYS&#8230;\u00a0?<\/a>\n\t\t\t\t\t\t\t\t\t<\/li>\n\t\t\t\t\t\t\t\t\t\t\t<li>\n\t\t\t\t\t<a href=\"https:\/\/emodou.be\/fr\/emotions-bebe-et-angoisse-de-separation\/\">Comment apaiser les angoisses et \u00e9motions de mon b\u00e9b\u00e9\u00a0?<\/a>\n\t\t\t\t\t\t\t\t\t<\/li>\n\t\t\t\t\t\t\t\t\t\t\t<li>\n\t\t\t\t\t<a href=\"https:\/\/emodou.be\/fr\/la-sensation-toucher-pour-un-doudou-est-un-element-primordial\/\">La sensation du toucher pour un doudou est un \u00e9l\u00e9ment primordial<\/a>\n\t\t\t\t\t\t\t\t\t<\/li>\n\t\t\t\t\t\t\t\t\t\t\t<li>\n\t\t\t\t\t<a href=\"https:\/\/emodou.be\/fr\/comment-choisir-un-doudou-adapte-aux-bebes-de-0-a-24-mois\/\">Comment choisir un doudou adapt\u00e9 aux b\u00e9b\u00e9s de 0 \u00e0 24 mois ?<\/a>\n\t\t\t\t\t\t\t\t\t<\/li>\n\t\t\t\t\t\t\t\t\t\t\t<li>\n\t\t\t\t\t<a href=\"https:\/\/emodou.be\/fr\/comment-le-doudou-demodou-contribue-au-developpement-emotionnel-de-votre-bebe\/\">Comment le doudou d&#8217;Emodou contribue au d\u00e9veloppement \u00e9motionnel de votre b\u00e9b\u00e9 ?<\/a>\n\t\t\t\t\t\t\t\t\t<\/li>\n\t\t\t\t\t\t\t\t\t\t\t<li>\n\t\t\t\t\t<a href=\"https:\/\/emodou.be\/fr\/comment-creer-la-liste-de-naissance-parfaite\/\">Comment cr\u00e9er la liste de naissance parfaite<\/a>\n\t\t\t\t\t\t\t\t\t<\/li>\n\t\t\t\t\t\t\t\t\t\t\t<li>\n\t\t\t\t\t<a href=\"https:\/\/emodou.be\/fr\/preparer-votre-enfant-pour-lecole-avec-un-doudou\/\">Pr\u00e9parer votre enfant pour l&#8217;\u00e9cole avec un doudou<\/a>\n\t\t\t\t\t\t\t\t\t<\/li>\n\t\t\t\t\t\t\t\t\t\t\t<li>\n\t\t\t\t\t<a href=\"https:\/\/emodou.be\/fr\/aider-votre-bebe-a-developper-son-langage\/\">Aider votre b\u00e9b\u00e9 \u00e0 d\u00e9velopper son langage<\/a>\n\t\t\t\t\t\t\t\t\t<\/li>\n\t\t\t\t\t<\/ul>\n\n\t\t\t\t<\/div>\n\t\t\t\t<\/div>\n\t\t\t\t\t<\/div>\n\t\t<\/div>\n\t\t\t\t\t<\/div>\n\t\t<\/section>\n\t\t\t\t\t<\/div>\n\t\t<\/div>\n\t\t\t\t\t<\/div>\n\t\t<\/section>\n\t\t\t\t<\/div>\n\t\t","protected":false},"excerpt":{"rendered":"<p>Nos actualit\u00e9s D\u00e9couvrez notre actualit\u00e9 Bienvenue sur notre page d&#8217;actualit\u00e9s ! Nous vous tenons inform\u00e9s de tout ce qui se passe au sein de notre entreprise et du secteur dans lequel nous \u00e9voluons. Restez \u00e0 l&#8217;\u00e9coute pour conna\u00eetre nos derni\u00e8res nouvelles, nos annonces, nos \u00e9v\u00e9nements et bien plus encore. Nous publions r\u00e9guli\u00e8rement du contenu pour [&hellip;]<\/p>\n","protected":false},"author":1,"featured_media":0,"parent":0,"menu_order":0,"comment_status":"closed","ping_status":"closed","template":"elementor_header_footer","meta":{"footnotes":""},"class_list":["post-373","page","type-page","status-publish","hentry"],"yoast_head":"<!-- This site is optimized with the Yoast SEO plugin v22.6 - https:\/\/yoast.com\/wordpress\/plugins\/seo\/ -->\n<title>Nos actualit\u00e9s Emodou | Doudous p\u00e9dagogiques - Li\u00e8ge<\/title>\n<meta name=\"description\" content=\"D\u00e9couvrez nos actualit\u00e9s li\u00e9es au secteur d&#039;Emodou. Des actualit\u00e9s pour vous tenir inform\u00e9s en tout temps sur nous.\" \/>\n<meta name=\"robots\" content=\"index, follow, max-snippet:-1, max-image-preview:large, max-video-preview:-1\" \/>\n<link rel=\"canonical\" href=\"https:\/\/emodou.be\/fr\/nos-actualites\/\" \/>\n<meta property=\"og:locale\" content=\"fr_FR\" \/>\n<meta property=\"og:type\" content=\"article\" \/>\n<meta property=\"og:title\" content=\"Nos actualit\u00e9s Emodou | Doudous p\u00e9dagogiques - Li\u00e8ge\" \/>\n<meta property=\"og:description\" content=\"D\u00e9couvrez nos actualit\u00e9s li\u00e9es au secteur d&#039;Emodou. Des actualit\u00e9s pour vous tenir inform\u00e9s en tout temps sur nous.\" \/>\n<meta property=\"og:url\" content=\"https:\/\/emodou.be\/fr\/nos-actualites\/\" \/>\n<meta property=\"og:site_name\" content=\"Emodou\" \/>\n<meta property=\"article:modified_time\" content=\"2024-01-07T17:47:38+00:00\" \/>\n<meta name=\"twitter:card\" content=\"summary_large_image\" \/>\n<meta name=\"twitter:label1\" content=\"Dur\u00e9e de lecture est.\" \/>\n\t<meta name=\"twitter:data1\" content=\"7 minutes\" \/>\n<script type=\"application\/ld+json\" class=\"yoast-schema-graph\">{\"@context\":\"https:\/\/schema.org\",\"@graph\":[{\"@type\":\"WebPage\",\"@id\":\"https:\/\/emodou.be\/fr\/nos-actualites\/\",\"url\":\"https:\/\/emodou.be\/fr\/nos-actualites\/\",\"name\":\"Nos actualit\u00e9s Emodou | Doudous p\u00e9dagogiques - Li\u00e8ge\",\"isPartOf\":{\"@id\":\"https:\/\/emodou.be\/fr\/#website\"},\"datePublished\":\"2022-12-22T11:03:14+00:00\",\"dateModified\":\"2024-01-07T17:47:38+00:00\",\"description\":\"D\u00e9couvrez nos actualit\u00e9s li\u00e9es au secteur d'Emodou. Des actualit\u00e9s pour vous tenir inform\u00e9s en tout temps sur nous.\",\"breadcrumb\":{\"@id\":\"https:\/\/emodou.be\/fr\/nos-actualites\/#breadcrumb\"},\"inLanguage\":\"fr-BE\",\"potentialAction\":[{\"@type\":\"ReadAction\",\"target\":[\"https:\/\/emodou.be\/fr\/nos-actualites\/\"]}]},{\"@type\":\"BreadcrumbList\",\"@id\":\"https:\/\/emodou.be\/fr\/nos-actualites\/#breadcrumb\",\"itemListElement\":[{\"@type\":\"ListItem\",\"position\":1,\"name\":\"Accueil\",\"item\":\"https:\/\/emodou.be\/fr\/\"},{\"@type\":\"ListItem\",\"position\":2,\"name\":\"Nos actualit\u00e9s\"}]},{\"@type\":\"WebSite\",\"@id\":\"https:\/\/emodou.be\/fr\/#website\",\"url\":\"https:\/\/emodou.be\/fr\/\",\"name\":\"Emodou\",\"description\":\"Livres &amp; Doudous p\u00e9dagogiques\",\"publisher\":{\"@id\":\"https:\/\/emodou.be\/fr\/#organization\"},\"potentialAction\":[{\"@type\":\"SearchAction\",\"target\":{\"@type\":\"EntryPoint\",\"urlTemplate\":\"https:\/\/emodou.be\/fr\/?s={search_term_string}\"},\"query-input\":\"required name=search_term_string\"}],\"inLanguage\":\"fr-BE\"},{\"@type\":\"Organization\",\"@id\":\"https:\/\/emodou.be\/fr\/#organization\",\"name\":\"Emodou\",\"url\":\"https:\/\/emodou.be\/fr\/\",\"logo\":{\"@type\":\"ImageObject\",\"inLanguage\":\"fr-BE\",\"@id\":\"https:\/\/emodou.be\/fr\/#\/schema\/logo\/image\/\",\"url\":\"https:\/\/emodou.be\/wp-content\/uploads\/2022\/12\/Emodou-livres-doudous.svg\",\"contentUrl\":\"https:\/\/emodou.be\/wp-content\/uploads\/2022\/12\/Emodou-livres-doudous.svg\",\"width\":700,\"height\":276,\"caption\":\"Emodou\"},\"image\":{\"@id\":\"https:\/\/emodou.be\/fr\/#\/schema\/logo\/image\/\"}}]}<\/script>\n<!-- \/ Yoast SEO plugin. -->","yoast_head_json":{"title":"Nos actualit\u00e9s Emodou | Doudous p\u00e9dagogiques - Li\u00e8ge","description":"D\u00e9couvrez nos actualit\u00e9s li\u00e9es au secteur d'Emodou. Des actualit\u00e9s pour vous tenir inform\u00e9s en tout temps sur nous.","robots":{"index":"index","follow":"follow","max-snippet":"max-snippet:-1","max-image-preview":"max-image-preview:large","max-video-preview":"max-video-preview:-1"},"canonical":"https:\/\/emodou.be\/fr\/nos-actualites\/","og_locale":"fr_FR","og_type":"article","og_title":"Nos actualit\u00e9s Emodou | Doudous p\u00e9dagogiques - Li\u00e8ge","og_description":"D\u00e9couvrez nos actualit\u00e9s li\u00e9es au secteur d'Emodou. Des actualit\u00e9s pour vous tenir inform\u00e9s en tout temps sur nous.","og_url":"https:\/\/emodou.be\/fr\/nos-actualites\/","og_site_name":"Emodou","article_modified_time":"2024-01-07T17:47:38+00:00","twitter_card":"summary_large_image","twitter_misc":{"Dur\u00e9e de lecture est.":"7 minutes"},"schema":{"@context":"https:\/\/schema.org","@graph":[{"@type":"WebPage","@id":"https:\/\/emodou.be\/fr\/nos-actualites\/","url":"https:\/\/emodou.be\/fr\/nos-actualites\/","name":"Nos actualit\u00e9s Emodou | Doudous p\u00e9dagogiques - Li\u00e8ge","isPartOf":{"@id":"https:\/\/emodou.be\/fr\/#website"},"datePublished":"2022-12-22T11:03:14+00:00","dateModified":"2024-01-07T17:47:38+00:00","description":"D\u00e9couvrez nos actualit\u00e9s li\u00e9es au secteur d'Emodou. Des actualit\u00e9s pour vous tenir inform\u00e9s en tout temps sur nous.","breadcrumb":{"@id":"https:\/\/emodou.be\/fr\/nos-actualites\/#breadcrumb"},"inLanguage":"fr-BE","potentialAction":[{"@type":"ReadAction","target":["https:\/\/emodou.be\/fr\/nos-actualites\/"]}]},{"@type":"BreadcrumbList","@id":"https:\/\/emodou.be\/fr\/nos-actualites\/#breadcrumb","itemListElement":[{"@type":"ListItem","position":1,"name":"Accueil","item":"https:\/\/emodou.be\/fr\/"},{"@type":"ListItem","position":2,"name":"Nos actualit\u00e9s"}]},{"@type":"WebSite","@id":"https:\/\/emodou.be\/fr\/#website","url":"https:\/\/emodou.be\/fr\/","name":"Emodou","description":"Livres &amp; Doudous p\u00e9dagogiques","publisher":{"@id":"https:\/\/emodou.be\/fr\/#organization"},"potentialAction":[{"@type":"SearchAction","target":{"@type":"EntryPoint","urlTemplate":"https:\/\/emodou.be\/fr\/?s={search_term_string}"},"query-input":"required name=search_term_string"}],"inLanguage":"fr-BE"},{"@type":"Organization","@id":"https:\/\/emodou.be\/fr\/#organization","name":"Emodou","url":"https:\/\/emodou.be\/fr\/","logo":{"@type":"ImageObject","inLanguage":"fr-BE","@id":"https:\/\/emodou.be\/fr\/#\/schema\/logo\/image\/","url":"https:\/\/emodou.be\/wp-content\/uploads\/2022\/12\/Emodou-livres-doudous.svg","contentUrl":"https:\/\/emodou.be\/wp-content\/uploads\/2022\/12\/Emodou-livres-doudous.svg","width":700,"height":276,"caption":"Emodou"},"image":{"@id":"https:\/\/emodou.be\/fr\/#\/schema\/logo\/image\/"}}]}},"_links":{"self":[{"href":"https:\/\/emodou.be\/fr\/wp-json\/wp\/v2\/pages\/373","targetHints":{"allow":["GET"]}}],"collection":[{"href":"https:\/\/emodou.be\/fr\/wp-json\/wp\/v2\/pages"}],"about":[{"href":"https:\/\/emodou.be\/fr\/wp-json\/wp\/v2\/types\/page"}],"author":[{"embeddable":true,"href":"https:\/\/emodou.be\/fr\/wp-json\/wp\/v2\/users\/1"}],"replies":[{"embeddable":true,"href":"https:\/\/emodou.be\/fr\/wp-json\/wp\/v2\/comments?post=373"}],"version-history":[{"count":53,"href":"https:\/\/emodou.be\/fr\/wp-json\/wp\/v2\/pages\/373\/revisions"}],"predecessor-version":[{"id":3531,"href":"https:\/\/emodou.be\/fr\/wp-json\/wp\/v2\/pages\/373\/revisions\/3531"}],"wp:attachment":[{"href":"https:\/\/emodou.be\/fr\/wp-json\/wp\/v2\/media?parent=373"}],"curies":[{"name":"wp","href":"https:\/\/api.w.org\/{rel}","templated":true}]}}